{"id":149,"date":"2015-10-07T15:07:29","date_gmt":"2015-10-07T14:07:29","guid":{"rendered":"https:\/\/stlumine-stemarie.fr\/?page_id=149"},"modified":"2022-01-20T16:53:22","modified_gmt":"2022-01-20T15:53:22","slug":"organisation","status":"publish","type":"page","link":"https:\/\/stlumine-stemarie.fr\/?page_id=149","title":{"rendered":"Pastorale"},"content":{"rendered":"<p style=\"text-align: center\"><span style=\"text-decoration: underline\"><strong>MERCI A L&rsquo;EQUIPE PASTORALE<\/strong><\/span><\/p>\n<ul>\n<li>C\u00e9line Bruneteau<\/li>\n<li>Ga\u00eblle Egonneau<\/li>\n<li>H\u00e9l\u00e8ne Giraudeau<\/li>\n<li>Monique Michaud<\/li>\n<li>Marine Huntzinger<\/li>\n<li>Delphine Rafflin<\/li>\n<li>Hugues M\u00e9riadec<\/li>\n<\/ul>\n<p>&nbsp;<\/p>\n<p style=\"text-align: center\"><u><b>DES TEMPS FORTS<\/b><\/u><\/p>\n<ul>\n<li><b>Temps de pri\u00e8res le matin<\/b> (Avent et Car\u00eame)<\/li>\n<\/ul>\n<ul>\n<li><strong>4 c\u00e9l\u00e9brations<\/strong> (personnalis\u00e9es)<\/li>\n<\/ul>\n<blockquote><p>&#8211;<i>C\u00e9l\u00e9bration de rentr\u00e9e,&nbsp;<\/i><\/p>\n<p><i>-C\u00e9l\u00e9bration dans les temps de No\u00ebl<\/i><\/p>\n<p>&#8211;<i>C\u00e9l\u00e9bration dans les temps de P\u00e2ques<\/i><\/p>\n<p>&#8211;<i>C\u00e9l\u00e9bration de Merci<\/i><\/p>\n<div class=\"ead-preview\"><div class=\"ead-document\" style=\"position: relative;padding-top: 90%;\"><div class=\"ead-iframe-wrapper\"><iframe src=\"\/\/docs.google.com\/viewer?url=https%3A%2F%2Fstlumine-stemarie.fr%2Fwp-content%2Fuploads%2F2022%2F01%2Fprojet-pastoral-de-lecole-Sainte-Marie.pdf&amp;embedded=true&amp;hl=en\" title=\"Document embarqu\u00e9\" class=\"ead-iframe\" style=\"width: 100%;height: 100%;border: none;position: absolute;left: 0;top: 0;visibility: hidden;\"><\/iframe><\/div>\t\t\t<div class=\"ead-document-loading\" style=\"width:100%;height:100%;position:absolute;left:0;top:0;z-index:10;\">\n\t\t\t\t<div class=\"ead-loading-wrap\">\n\t\t\t\t\t<div class=\"ead-loading-main\">\n\t\t\t\t\t\t<div class=\"ead-loading\">\n\t\t\t\t\t\t\t<img loading=\"lazy\" decoding=\"async\" src=\"https:\/\/stlumine-stemarie.fr\/wp-content\/plugins\/embed-any-document\/images\/loading.svg\" width=\"55\" height=\"55\" alt=\"Chargeur\">\n\t\t\t\t\t\t\t<span>En cours de chargement&hellip;<\/span>\n\t\t\t\t\t\t<\/div>\n\t\t\t\t\t<\/div>\n\t\t\t\t\t<div class=\"ead-loading-foot\">\n\t\t\t\t\t\t<div class=\"ead-loading-foot-title\">\n\t\t\t\t\t\t\t<img loading=\"lazy\" decoding=\"async\" src=\"https:\/\/stlumine-stemarie.fr\/wp-content\/plugins\/embed-any-document\/images\/EAD-logo.svg\" alt=\"Logo EAD\" width=\"36\" height=\"23\"\/>\n\t\t\t\t\t\t\t<span>Cela prend trop de temps\u00a0?<\/span>\n\t\t\t\t\t\t<\/div>\n\t\t\t\t\t\t<p>\n\t\t\t\t\t\t\t<div class=\"ead-document-btn ead-reload-btn\" role=\"button\">\n\t\t\t\t\t\t\t\t<img loading=\"lazy\" decoding=\"async\" src=\"https:\/\/stlumine-stemarie.fr\/wp-content\/plugins\/embed-any-document\/images\/reload.svg\" alt=\"Recharger\" width=\"12\" height=\"12\"\/> Recharger le document\t\t\t\t\t\t\t<\/div>\n\t\t\t\t\t\t\t<span>|<\/span>\n\t\t\t\t\t\t\t<a href=\"https:\/\/stlumine-stemarie.fr\/wp-content\/uploads\/2022\/01\/projet-pastoral-de-lecole-Sainte-Marie.pdf\" class=\"ead-document-btn\" target=\"_blank\">\n\t\t\t\t\t\t\t\t<img loading=\"lazy\" decoding=\"async\" src=\"https:\/\/stlumine-stemarie.fr\/wp-content\/plugins\/embed-any-document\/images\/open.svg\" alt=\"Ouvert\" width=\"12\" height=\"12\"\/> Ouvrir dans un nouvel onglet\t\t\t\t\t\t\t<\/a>\n\t\t\t\t\t<\/div>\n\t\t\t\t<\/div>\n\t\t\t<\/div>\n\t\t<\/div><\/div><\/blockquote>\n","protected":false},"excerpt":{"rendered":"<p>MERCI A L&rsquo;EQUIPE PASTORALE C\u00e9line Bruneteau Ga\u00eblle Egonneau H\u00e9l\u00e8ne Giraudeau Monique Michaud Marine Huntzinger Delphine Rafflin Hugues M\u00e9riadec &nbsp; DES TEMPS FORTS Temps de pri\u00e8res le matin (Avent et Car\u00eame) 4 c\u00e9l\u00e9brations (personnalis\u00e9es) &#8211;C\u00e9l\u00e9bration de rentr\u00e9e,&nbsp; -C\u00e9l\u00e9bration dans les temps de No\u00ebl &#8211;C\u00e9l\u00e9bration dans les temps de P\u00e2ques &#8211;C\u00e9l\u00e9bration de Merci<\/p>\n","protected":false},"author":1,"featured_media":0,"parent":0,"menu_order":0,"comment_status":"closed","ping_status":"closed","template":"","meta":{"ngg_post_thumbnail":0,"footnotes":""},"class_list":["post-149","page","type-page","status-publish","hentry"],"_links":{"self":[{"href":"https:\/\/stlumine-stemarie.fr\/index.php?rest_route=\/wp\/v2\/pages\/149","targetHints":{"allow":["GET"]}}],"collection":[{"href":"https:\/\/stlumine-stemarie.fr\/index.php?rest_route=\/wp\/v2\/pages"}],"about":[{"href":"https:\/\/stlumine-stemarie.fr\/index.php?rest_route=\/wp\/v2\/types\/page"}],"author":[{"embeddable":true,"href":"https:\/\/stlumine-stemarie.fr\/index.php?rest_route=\/wp\/v2\/users\/1"}],"replies":[{"embeddable":true,"href":"https:\/\/stlumine-stemarie.fr\/index.php?rest_route=%2Fwp%2Fv2%2Fcomments&post=149"}],"version-history":[{"count":6,"href":"https:\/\/stlumine-stemarie.fr\/index.php?rest_route=\/wp\/v2\/pages\/149\/revisions"}],"predecessor-version":[{"id":5066,"href":"https:\/\/stlumine-stemarie.fr\/index.php?rest_route=\/wp\/v2\/pages\/149\/revisions\/5066"}],"wp:attachment":[{"href":"https:\/\/stlumine-stemarie.fr\/index.php?rest_route=%2Fwp%2Fv2%2Fmedia&parent=149"}],"curies":[{"name":"wp","href":"https:\/\/api.w.org\/{rel}","templated":true}]}}